{"id":269,"date":"2018-10-12T14:31:56","date_gmt":"2018-10-12T12:31:56","guid":{"rendered":"https:\/\/mopsradziejow.pl\/?page_id=269"},"modified":"2018-10-12T14:59:50","modified_gmt":"2018-10-12T12:59:50","slug":"dodatek-energetyczny","status":"publish","type":"page","link":"https:\/\/mopsradziejow.pl\/index.php\/dodatki-mieszkaniowe\/dodatek-energetyczny\/","title":{"rendered":"Dodatek energetyczny"},"content":{"rendered":"<h5>Gdzie mo\u017cna pobra\u0107 i z\u0142o\u017cy\u0107 wniosek?<\/h5>\n<p>Wnioski dotycz\u0105ce\u00a0dodatk\u00f3w energetycznych \u00a0mo\u017cna odebra\u0107 w Dzia\u0142 \u015awiadcze\u0144 Rodzinnych, Funduszu Alimentacyjnego i Dodatk\u00f3w Mieszkaniowych ul. Rynek 1, parter lub pobra\u0107 poni\u017cej ze strony internetowej Miejskiego O\u015brodka Pomocy Spo\u0142ecznej.<\/p>\n<h5>Podstawy prawne<strong><br \/>\n<\/strong><\/h5>\n<ul>\n<li>Dodatek energetyczny, o kt\u00f3rym mowa w ustawie z dnia 26 lipca 2013 roku o zmianie ustawy \u2013 Prawo energetyczne oraz niekt\u00f3rych innych ustaw (Dz. U. z 2013, poz. 984) przys\u0142uguje odbiorcy wra\u017cliwemu energii elektrycznej.<\/li>\n<li>Za odbiorc\u0119 wra\u017cliwego energii elektrycznej uwa\u017ca si\u0119 osob\u0119, kt\u00f3rej przyznano dodatek mieszkaniowy w rozumieniu art. 2. ust. 1. ustawy z dnia 21 czerwca 2001 r. o dodatkach mieszkaniowych (t. j. Dz. U. z 2013 roku, poz. 966 ze. zm.), kt\u00f3ra jest stron\u0105 umowy kompleksowej lub umowy sprzeda\u017cy energii elektrycznej zawartej z przedsi\u0119biorstwem energetycznym i zamieszkuje w miejscu dostarczania energii elektrycznej.<\/li>\n<li>Minister w\u0142a\u015bciwy do spraw gospodarki og\u0142asza, w terminie do dnia 30 kwietnia ka\u017cdego roku, w drodze obwieszczenia Ministra Energii z dnia 22 kwietnia 2016 r., w Dzienniku Urz\u0119dowym Rzeczypospolitej Polskiej \u201eMonitor Polski\u201d, wysoko\u015b\u0107 dodatku energetycznego na kolejne 12 miesi\u0119cy\u00a0(Monitor Polski z dnia 23 kwietnia 2018 r. poz.450).<\/li>\n<\/ul>\n<p>Wysoko\u015b\u0107 dodatku energetycznego obowi\u0105zuj\u0105ca od 1.05.2018 r. do 30.04.2019 r. wynosi odpowiednio:<\/p>\n<ul>\n<li>dla gospodarstwa jednoosobowego &#8211; 11,35 z\u0142 miesi\u0119cznie,<\/li>\n<li>dla gospodarstwa sk\u0142adaj\u0105cego si\u0119 z 2 do 4 os\u00f3b &#8211; 15,77 z\u0142 miesi\u0119cznie,<\/li>\n<li>dla gospodarstw sk\u0142adaj\u0105cych si\u0119 z co najmniej 5 os\u00f3b &#8211; 18,92 z\u0142 miesi\u0119cznie.<\/li>\n<\/ul>\n<p>Osoba staraj\u0105ca si\u0119 o przyznanie dodatku\u00a0energetycznego obowi\u0105zana jest z\u0142o\u017cy\u0107:<\/p>\n<ul>\n<li>wniosek o przyznanie dodatku energetycznego,<\/li>\n<li>kopi\u0119 umowy kompleksowej lub umowy sprzeda\u017cy energii elektrycznej zawartej z przedsi\u0119biorstwem energetycznym.<\/li>\n<\/ul>\n<p><strong>Do pobrania:<\/strong><\/p>\n<p><a href=\"https:\/\/mopsradziejow.pl\/wp-content\/uploads\/2018\/10\/wniosek-dodatek-energetyczny.pdf\">wniosek dodatek energetyczny<\/a><\/p>\n","protected":false},"excerpt":{"rendered":"<p>Gdzie mo\u017cna pobra\u0107 i z\u0142o\u017cy\u0107 wniosek? Wnioski dotycz\u0105ce\u00a0dodatk\u00f3w energetycznych \u00a0mo\u017cna odebra\u0107 w Dzia\u0142 \u015awiadcze\u0144 Rodzinnych, Funduszu Alimentacyjnego i Dodatk\u00f3w Mieszkaniowych ul. Rynek 1, parter lub pobra\u0107 poni\u017cej ze strony internetowej Miejskiego O\u015brodka Pomocy Spo\u0142ecznej. Podstawy prawne Dodatek energetyczny, o kt\u00f3rym mowa w ustawie z dnia 26 lipca 2013 roku o &hellip;<\/p>\n","protected":false},"author":2,"featured_media":0,"parent":33,"menu_order":0,"comment_status":"closed","ping_status":"closed","template":"","meta":{"footnotes":""},"class_list":["post-269","page","type-page","status-publish","hentry"],"_links":{"self":[{"href":"https:\/\/mopsradziejow.pl\/index.php\/wp-json\/wp\/v2\/pages\/269","targetHints":{"allow":["GET"]}}],"collection":[{"href":"https:\/\/mopsradziejow.pl\/index.php\/wp-json\/wp\/v2\/pages"}],"about":[{"href":"https:\/\/mopsradziejow.pl\/index.php\/wp-json\/wp\/v2\/types\/page"}],"author":[{"embeddable":true,"href":"https:\/\/mopsradziejow.pl\/index.php\/wp-json\/wp\/v2\/users\/2"}],"replies":[{"embeddable":true,"href":"https:\/\/mopsradziejow.pl\/index.php\/wp-json\/wp\/v2\/comments?post=269"}],"version-history":[{"count":3,"href":"https:\/\/mopsradziejow.pl\/index.php\/wp-json\/wp\/v2\/pages\/269\/revisions"}],"predecessor-version":[{"id":276,"href":"https:\/\/mopsradziejow.pl\/index.php\/wp-json\/wp\/v2\/pages\/269\/revisions\/276"}],"up":[{"embeddable":true,"href":"https:\/\/mopsradziejow.pl\/index.php\/wp-json\/wp\/v2\/pages\/33"}],"wp:attachment":[{"href":"https:\/\/mopsradziejow.pl\/index.php\/wp-json\/wp\/v2\/media?parent=269"}],"curies":[{"name":"wp","href":"https:\/\/api.w.org\/{rel}","templated":true}]}}